{"id":1455,"date":"2020-11-03T11:39:50","date_gmt":"2020-11-03T11:39:50","guid":{"rendered":"https:\/\/euniv.eu\/?page_id=1455"},"modified":"2026-03-11T11:19:32","modified_gmt":"2026-03-11T10:19:32","slug":"noticias","status":"publish","type":"page","link":"https:\/\/euniv.eu\/es\/noticias\/","title":{"rendered":"Noticias"},"content":{"rendered":"<style>.kb-row-layout-id1455_ebe80d-af > .kt-row-column-wrap{align-content:start;}:where(.kb-row-layout-id1455_ebe80d-af > .kt-row-column-wrap) > .wp-block-kadence-column{justify-content:start;}.kb-row-layout-id1455_ebe80d-af > .kt-row-column-wrap{column-gap:var(--global-kb-gap-md, 2rem);row-gap:var(--global-kb-gap-md, 2rem);max-width:1240px;margin-left:auto;margin-right:auto;padding-top:24px;padding-bottom:100px;grid-template-columns:minmax(0, 1fr);}.kb-row-layout-id1455_ebe80d-af > .kt-row-layout-overlay{opacity:0.30;}@media all and (max-width: 1024px){.kb-row-layout-id1455_ebe80d-af > .kt-row-column-wrap{grid-template-columns:minmax(0, 1fr);}}@media all and (max-width: 767px){.kb-row-layout-id1455_ebe80d-af > .kt-row-column-wrap{grid-template-columns:minmax(0, 1fr);}}<\/style><div class=\"kb-row-layout-wrap kb-row-layout-id1455_ebe80d-af alignfull blog_home wp-block-kadence-rowlayout\"><div class=\"kt-row-column-wrap kt-has-1-columns kt-row-layout-equal kt-tab-layout-inherit kt-mobile-layout-row kt-row-valign-top\">\n<style>.kadence-column1455_7e7251-ed > .kt-inside-inner-col,.kadence-column1455_7e7251-ed > .kt-inside-inner-col:before{border-top-left-radius:0px;border-top-right-radius:0px;border-bottom-right-radius:0px;border-bottom-left-radius:0px;}.kadence-column1455_7e7251-ed > .kt-inside-inner-col{column-gap:var(--global-kb-gap-sm, 1rem);}.kadence-column1455_7e7251-ed > .kt-inside-inner-col{flex-direction:column;}.kadence-column1455_7e7251-ed > .kt-inside-inner-col > .aligncenter{width:100%;}.kadence-column1455_7e7251-ed > .kt-inside-inner-col:before{opacity:0.3;}.kadence-column1455_7e7251-ed{position:relative;}@media all and (max-width: 1024px){.kadence-column1455_7e7251-ed > .kt-inside-inner-col{flex-direction:column;justify-content:center;}}@media all and (max-width: 767px){.kadence-column1455_7e7251-ed > .kt-inside-inner-col{flex-direction:column;justify-content:center;}}<\/style>\n<div class=\"wp-block-kadence-column kadence-column1455_7e7251-ed\"><div class=\"kt-inside-inner-col\">\n<h1 class=\"wp-block-heading has-text-align-center\">Noticias<\/h1>\n\n\n\n<div class=\"wp-block-ultimate-post-post-grid-parent ultp-post-grid-parent\" data-postid=\"1455\" data-grids=\"[{&quot;blockId&quot;:&quot;60c639&quot;,&quot;name&quot;:&quot;ultimate-post_post-grid-1&quot;}]\" data-pagi=\"[&quot;ultp-block-40834c&quot;]\"><div  class=\"ultp-post-grid-block wp-block-ultimate-post-post-grid-1 ultp-block-60c639\"><div class=\"ultp-block-wrapper\"><div class=\"ultp-loading\"><div class=\"ultp-loading-blocks\" style=\"width:100%;height:100%;\"><div style=\"left: 0;top: 0;animation-delay:0s;\"><\/div><div style=\"left: 21px;top: 0;animation-delay:0.125s;\"><\/div><div style=\"left: 42px;top: 0;animation-delay:0.25s;\"><\/div><div style=\"left: 0;top: 21px;animation-delay:0.875s;\"><\/div><div style=\"left: 42px;top: 21px;animation-delay:0.375s;\"><\/div><div style=\"left: 0;top: 42px;animation-delay:0.75s;\"><\/div><div style=\"left: 42px;top: 42px;animation-delay:0.625s;\"><\/div><div style=\"left: 21px;top: 42px;animation-delay:0.5s;\"><\/div><\/div><\/div><div class=\"ultp-block-items-wrap ultp-block-row ultp-pg1a-style1 ultp-grid1-responsive ultp-block-column-3 ultp-sm-column-2 ultp-xs-column-1 ultp-layout1\"><div class=\"ultp-block-item post-id-20457\"><div class=\"ultp-block-content-wrap\"><div class=\"ultp-block-image ultp-block-image-opacity\"><a href=\"https:\/\/euniv.eu\/es\/hacer-comunidad-desde-la-universidad-la-apuesta-imprescindible-de-la-euniv\/\" ><img decoding=\"async\"  class=\"ultp-block-image-content\"  alt=\"Hacer comunidad desde la universidad: la apuesta imprescindible de la eUniv\"  src=\"https:\/\/euniv.eu\/wp-content\/uploads\/2026\/04\/Imatges-Web-5-600x600.png\" \/><\/a><\/div><div class=\"ultp-block-content\"><h4 class=\"ultp-block-title \"><a href=\"https:\/\/euniv.eu\/es\/hacer-comunidad-desde-la-universidad-la-apuesta-imprescindible-de-la-euniv\/\" >Hacer comunidad desde la universidad: la apuesta imprescindible de la eUniv<\/a><\/h4><div class=\"ultp-block-meta ultp-block-meta-dot ultp-block-meta-icon\"><span class=\"ultp-block-date ultp-block-meta-element\"><svg xmlns=\"http:\/\/www.w3.org\/2000\/svg\" fill=\"none\" viewBox=\"0 0 24 24\">\n  <path stroke=\"currentColor\" stroke-linecap=\"round\" stroke-linejoin=\"round\" stroke-width=\"1.5\" d=\"M3 5.5a2 2 0 0 1 2-2h14a2 2 0 0 1 2 2v14a2 2 0 0 1-2 2H5a2 2 0 0 1-2-2v-14ZM8 2v3m8-3v3M3 9h18\"\/>\n<\/svg>\nAbr 24, 2026<\/span><\/div><div class=\"ultp-block-excerpt\"><p>En un mundo cada vez m\u00e1s globalizado y digitalizado, las universidades tienen el reto de ir m\u00e1s all\u00e1 de la docencia y la investigaci\u00f3n. Es lo que, desde hace a\u00f1os, se conoce como su tercera misi\u00f3n: contribuir activamente a la sociedad que las acoge. No se trata solo de formar profesionales o generar conocimiento, sino tambi\u00e9n de crear comunidad, arraigarse en el territorio&hellip;<\/p>\n<\/div><\/div><\/div><\/div><div class=\"ultp-block-item post-id-20437\"><div class=\"ultp-block-content-wrap\"><div class=\"ultp-block-image ultp-block-image-opacity\"><a href=\"https:\/\/euniv.eu\/es\/la-euniv-y-andbank-firman-un-convenio-para-facilitar-el-acceso-de-los-profesionales-a-la-educacion-superior\/\" ><img decoding=\"async\"  class=\"ultp-block-image-content\"  alt=\"La eUniv y Andbank firman un convenio para facilitar el acceso de los profesionales a la educaci\u00f3n superior\"  src=\"https:\/\/euniv.eu\/wp-content\/uploads\/2026\/04\/Imatges-Web-2-600x600.png\" \/><\/a><\/div><div class=\"ultp-block-content\"><h4 class=\"ultp-block-title \"><a href=\"https:\/\/euniv.eu\/es\/la-euniv-y-andbank-firman-un-convenio-para-facilitar-el-acceso-de-los-profesionales-a-la-educacion-superior\/\" >La eUniv y Andbank firman un convenio para facilitar el acceso de los profesionales a la educaci\u00f3n superior<\/a><\/h4><div class=\"ultp-block-meta ultp-block-meta-dot ultp-block-meta-icon\"><span class=\"ultp-block-date ultp-block-meta-element\"><svg xmlns=\"http:\/\/www.w3.org\/2000\/svg\" fill=\"none\" viewBox=\"0 0 24 24\">\n  <path stroke=\"currentColor\" stroke-linecap=\"round\" stroke-linejoin=\"round\" stroke-width=\"1.5\" d=\"M3 5.5a2 2 0 0 1 2-2h14a2 2 0 0 1 2 2v14a2 2 0 0 1-2 2H5a2 2 0 0 1-2-2v-14ZM8 2v3m8-3v3M3 9h18\"\/>\n<\/svg>\nAbr 20, 2026<\/span><\/div><div class=\"ultp-block-excerpt\"><p>La eUniv ha formalizado un convenio de colaboraci\u00f3n con Andbank con el objetivo de promover el acceso y el seguimiento de estudios universitarios entre el colectivo profesional de la entidad bancaria.<\/p>\n<\/div><\/div><\/div><\/div><div class=\"ultp-block-item post-id-20389\"><div class=\"ultp-block-content-wrap\"><div class=\"ultp-block-image ultp-block-image-opacity\"><a href=\"https:\/\/euniv.eu\/es\/deposito-de-nueva-tesis-doctoral\/\" ><img decoding=\"async\"  class=\"ultp-block-image-content\"  alt=\"Dep\u00f3sito de nueva tesis doctoral\"  src=\"https:\/\/euniv.eu\/wp-content\/uploads\/2026\/04\/La-eUniv-incorpra-Oracle-a-la-seva-formacio-3-600x600.png\" \/><\/a><\/div><div class=\"ultp-block-content\"><h4 class=\"ultp-block-title \"><a href=\"https:\/\/euniv.eu\/es\/deposito-de-nueva-tesis-doctoral\/\" >Dep\u00f3sito de nueva tesis doctoral<\/a><\/h4><div class=\"ultp-block-meta ultp-block-meta-dot ultp-block-meta-icon\"><span class=\"ultp-block-date ultp-block-meta-element\"><svg xmlns=\"http:\/\/www.w3.org\/2000\/svg\" fill=\"none\" viewBox=\"0 0 24 24\">\n  <path stroke=\"currentColor\" stroke-linecap=\"round\" stroke-linejoin=\"round\" stroke-width=\"1.5\" d=\"M3 5.5a2 2 0 0 1 2-2h14a2 2 0 0 1 2 2v14a2 2 0 0 1-2 2H5a2 2 0 0 1-2-2v-14ZM8 2v3m8-3v3M3 9h18\"\/>\n<\/svg>\nAbr 10, 2026<\/span><\/div><div class=\"ultp-block-excerpt\"><p>La Comisi\u00f3n de Doctorado de la Universidad, reunida en sesi\u00f3n ordinaria el d\u00eda 10 de abril de 2026, acord\u00f3 la aprobaci\u00f3n de la solicitud de dep\u00f3sito de la tesis doctoral titulada L\u2019ensenyament superior universitari d\u2019Infermeria als Principats d\u2019Andorra i Catalunya al Segle XXI, presentada por la doctoranda Maria A. CORREDOR, con el visto bueno de su director, el Dr. Jes\u00fas M. PRUJ\u00c0<\/p>\n<\/div><\/div><\/div><\/div><div class=\"ultp-block-item post-id-20370\"><div class=\"ultp-block-content-wrap\"><div class=\"ultp-block-image ultp-block-image-opacity\"><a href=\"https:\/\/euniv.eu\/es\/la-universitat-europea-euniv-incorpora-formacion-oficial-de-oracle-en-sus-grados-y-posgrados\/\" ><img decoding=\"async\"  class=\"ultp-block-image-content\"  alt=\"La Universitat Europea (eUniv) incorpora formaci\u00f3n oficial de Oracle en sus bachelor y posgrados\"  src=\"https:\/\/euniv.eu\/wp-content\/uploads\/2026\/04\/La-eUniv-incorpra-Oracle-a-la-seva-formacio-600x600.png\" \/><\/a><\/div><div class=\"ultp-block-content\"><h4 class=\"ultp-block-title \"><a href=\"https:\/\/euniv.eu\/es\/la-universitat-europea-euniv-incorpora-formacion-oficial-de-oracle-en-sus-grados-y-posgrados\/\" >La Universitat Europea (eUniv) incorpora formaci\u00f3n oficial de Oracle en sus bachelor y posgrados<\/a><\/h4><div class=\"ultp-block-meta ultp-block-meta-dot ultp-block-meta-icon\"><span class=\"ultp-block-date ultp-block-meta-element\"><svg xmlns=\"http:\/\/www.w3.org\/2000\/svg\" fill=\"none\" viewBox=\"0 0 24 24\">\n  <path stroke=\"currentColor\" stroke-linecap=\"round\" stroke-linejoin=\"round\" stroke-width=\"1.5\" d=\"M3 5.5a2 2 0 0 1 2-2h14a2 2 0 0 1 2 2v14a2 2 0 0 1-2 2H5a2 2 0 0 1-2-2v-14ZM8 2v3m8-3v3M3 9h18\"\/>\n<\/svg>\nAbr 8, 2026<\/span><\/div><div class=\"ultp-block-excerpt\"><p>La eUniv ha firmado un convenio de colaboraci\u00f3n con Oracle Ib\u00e9rica S.R.L. para integrar formaci\u00f3n y certificaciones oficiales de Oracle Academy y Oracle University en distintos programas de bachelor y posgrado. Gracias a este acuerdo, los estudiantes de la eUniv podr\u00e1n formarse en competencias clave del sector tecnol\u00f3gico y obtener certificaciones profesionales reconocidas internacionalmente en el \u00e1mbito de la nube, las bases de&hellip;<\/p>\n<\/div><\/div><\/div><\/div><div class=\"ultp-block-item post-id-20330\"><div class=\"ultp-block-content-wrap\"><div class=\"ultp-block-image ultp-block-image-opacity\"><a href=\"https:\/\/euniv.eu\/es\/la-euniv-solicitara-la-creacion-de-nuevos-bachelors-estatales\/\" ><img decoding=\"async\"  class=\"ultp-block-image-content\"  alt=\"La eUniv solicitar\u00e1 la creaci\u00f3n de nuevos bachelors estatales\"  src=\"https:\/\/euniv.eu\/wp-content\/uploads\/2026\/04\/iuta-600x491.png\" \/><\/a><\/div><div class=\"ultp-block-content\"><h4 class=\"ultp-block-title \"><a href=\"https:\/\/euniv.eu\/es\/la-euniv-solicitara-la-creacion-de-nuevos-bachelors-estatales\/\" >La eUniv solicitar\u00e1 la creaci\u00f3n de nuevos bachelors estatales<\/a><\/h4><div class=\"ultp-block-meta ultp-block-meta-dot ultp-block-meta-icon\"><span class=\"ultp-block-date ultp-block-meta-element\"><svg xmlns=\"http:\/\/www.w3.org\/2000\/svg\" fill=\"none\" viewBox=\"0 0 24 24\">\n  <path stroke=\"currentColor\" stroke-linecap=\"round\" stroke-linejoin=\"round\" stroke-width=\"1.5\" d=\"M3 5.5a2 2 0 0 1 2-2h14a2 2 0 0 1 2 2v14a2 2 0 0 1-2 2H5a2 2 0 0 1-2-2v-14ZM8 2v3m8-3v3M3 9h18\"\/>\n<\/svg>\nAbr 2, 2026<\/span><\/div><div class=\"ultp-block-excerpt\"><p>La Junta Acad\u00e9mica de la Universidad aprob\u00f3, a propuesta del Director del Instituto Universitario de Tecnolog\u00eda Aplicada (IUTA), solicitar al Gobierno del Principado de Andorra la creaci\u00f3n de dos nuevas titulaciones estatales de bachelor: la de Bioinform\u00e1tica y la de Ingenier\u00eda Biom\u00e9dica.<\/p>\n<\/div><\/div><\/div><\/div><div class=\"ultp-block-item post-id-20319\"><div class=\"ultp-block-content-wrap\"><div class=\"ultp-block-image ultp-block-image-opacity\"><a href=\"https:\/\/euniv.eu\/es\/visita-institucional-de-la-euniv-al-coprincipe-episcopal\/\" ><img decoding=\"async\"  class=\"ultp-block-image-content\"  alt=\"Visita institucional de la eUniv al Copr\u00edncipe Episcopal\"  src=\"https:\/\/euniv.eu\/wp-content\/uploads\/2026\/04\/coprincep-600x600.jpg\" \/><\/a><\/div><div class=\"ultp-block-content\"><h4 class=\"ultp-block-title \"><a href=\"https:\/\/euniv.eu\/es\/visita-institucional-de-la-euniv-al-coprincipe-episcopal\/\" >Visita institucional de la eUniv al Copr\u00edncipe Episcopal<\/a><\/h4><div class=\"ultp-block-meta ultp-block-meta-dot ultp-block-meta-icon\"><span class=\"ultp-block-date ultp-block-meta-element\"><svg xmlns=\"http:\/\/www.w3.org\/2000\/svg\" fill=\"none\" viewBox=\"0 0 24 24\">\n  <path stroke=\"currentColor\" stroke-linecap=\"round\" stroke-linejoin=\"round\" stroke-width=\"1.5\" d=\"M3 5.5a2 2 0 0 1 2-2h14a2 2 0 0 1 2 2v14a2 2 0 0 1-2 2H5a2 2 0 0 1-2-2v-14ZM8 2v3m8-3v3M3 9h18\"\/>\n<\/svg>\nAbr 1, 2026<\/span><\/div><div class=\"ultp-block-excerpt\"><p>El martes 31 de marzo de 2026, la Junta Acad\u00e9mica de la Universidad, encabezada por el Rector y el Canciller, acompa\u00f1ados por el Vicerrector de Investigaci\u00f3n, el Protonotario Acad\u00e9mico y el Director de los estudios de Humanidades, visit\u00f3 a Su Excelencia el Copr\u00edncipe Episcopal del Principado de Andorra, el Emmo. y Rvdmo. Sr. Josep-Llu\u00eds Serrano Pentinat.<\/p>\n<\/div><\/div><\/div><\/div><div class=\"ultp-block-item post-id-20089\"><div class=\"ultp-block-content-wrap\"><div class=\"ultp-block-image ultp-block-image-opacity\"><a href=\"https:\/\/euniv.eu\/es\/la-euniv-y-tortosa-impulsan-un-simposio-internacional-sobre-la-historia-juridica-de-los-principados\/\" ><img decoding=\"async\"  class=\"ultp-block-image-content\"  alt=\"La eUniv y Tortosa impulsan un simposio internacional sobre la historia jur\u00eddica de los principados\"  src=\"https:\/\/euniv.eu\/wp-content\/uploads\/2026\/03\/f32d0826-6ae2-4c58-a6bc-2f31c5c6f01b-600x600.jpg\" \/><\/a><\/div><div class=\"ultp-block-content\"><h4 class=\"ultp-block-title \"><a href=\"https:\/\/euniv.eu\/es\/la-euniv-y-tortosa-impulsan-un-simposio-internacional-sobre-la-historia-juridica-de-los-principados\/\" >La eUniv y Tortosa impulsan un simposio internacional sobre la historia jur\u00eddica de los principados<\/a><\/h4><div class=\"ultp-block-meta ultp-block-meta-dot ultp-block-meta-icon\"><span class=\"ultp-block-date ultp-block-meta-element\"><svg xmlns=\"http:\/\/www.w3.org\/2000\/svg\" fill=\"none\" viewBox=\"0 0 24 24\">\n  <path stroke=\"currentColor\" stroke-linecap=\"round\" stroke-linejoin=\"round\" stroke-width=\"1.5\" d=\"M3 5.5a2 2 0 0 1 2-2h14a2 2 0 0 1 2 2v14a2 2 0 0 1-2 2H5a2 2 0 0 1-2-2v-14ZM8 2v3m8-3v3M3 9h18\"\/>\n<\/svg>\nMar 2, 2026<\/span><\/div><div class=\"ultp-block-excerpt\"><p>La Fundaci\u00f3n Privada Duran i Mart\u00ed, con sede en Tortosa, y la Universidad Europea (eUniv), con sede en Sant Juli\u00e0 de L\u00f2ria, en el Principado de Andorra, han firmado un convenio de cooperaci\u00f3n acad\u00e9mica para impulsar la convocatoria de simposios cient\u00edficos dedicados a la exposici\u00f3n y el debate sobre la historia jur\u00eddica de los principados de Catalu\u00f1a y Andorra<\/p>\n<\/div><\/div><\/div><\/div><div class=\"ultp-block-item post-id-20056\"><div class=\"ultp-block-content-wrap\"><div class=\"ultp-block-image ultp-block-image-opacity\"><a href=\"https:\/\/euniv.eu\/es\/la-euniv-inicia-su-programa-de-estudios-sobre-el-sufismo\/\" ><img decoding=\"async\" class=\"ultp-block-image-content\" src=\"https:\/\/euniv.eu\/wp-content\/plugins\/ultimate-post\/assets\/img\/ultp-fallback-img.png\" alt=\"dummy-img\" \/><\/a><\/div><div class=\"ultp-block-content\"><h4 class=\"ultp-block-title \"><a href=\"https:\/\/euniv.eu\/es\/la-euniv-inicia-su-programa-de-estudios-sobre-el-sufismo\/\" >La eUniv inicia su programa de estudios sobre el sufismo<\/a><\/h4><div class=\"ultp-block-meta ultp-block-meta-dot ultp-block-meta-icon\"><span class=\"ultp-block-date ultp-block-meta-element\"><svg xmlns=\"http:\/\/www.w3.org\/2000\/svg\" fill=\"none\" viewBox=\"0 0 24 24\">\n  <path stroke=\"currentColor\" stroke-linecap=\"round\" stroke-linejoin=\"round\" stroke-width=\"1.5\" d=\"M3 5.5a2 2 0 0 1 2-2h14a2 2 0 0 1 2 2v14a2 2 0 0 1-2 2H5a2 2 0 0 1-2-2v-14ZM8 2v3m8-3v3M3 9h18\"\/>\n<\/svg>\nFeb 27, 2026<\/span><\/div><div class=\"ultp-block-excerpt\"><p>El jueves 26 de febrero de 2026, la eUniv suscribi\u00f3 un convenio de cooperaci\u00f3n con la Association of Institutes of Sufi Spiritual Philosophy (ISSF), con el fin de impulsar programas de estudios sobre el sufismo.<\/p>\n<\/div><\/div><\/div><\/div><div class=\"ultp-block-item post-id-20040\"><div class=\"ultp-block-content-wrap\"><div class=\"ultp-block-image ultp-block-image-opacity\"><a href=\"https:\/\/euniv.eu\/es\/visita-a-la-euniv-del-embajador-del-reino-de-espana\/\" ><img decoding=\"async\"  class=\"ultp-block-image-content\"  alt=\"Visita a la eUniv del Embajador del Reino de Espa\u00f1a\"  src=\"https:\/\/euniv.eu\/wp-content\/uploads\/2026\/02\/671e81bb-ee50-4ccd-92f8-842946744634-600x600.jpg\" \/><\/a><\/div><div class=\"ultp-block-content\"><h4 class=\"ultp-block-title \"><a href=\"https:\/\/euniv.eu\/es\/visita-a-la-euniv-del-embajador-del-reino-de-espana\/\" >Visita a la eUniv del Embajador del Reino de Espa\u00f1a<\/a><\/h4><div class=\"ultp-block-meta ultp-block-meta-dot ultp-block-meta-icon\"><span class=\"ultp-block-date ultp-block-meta-element\"><svg xmlns=\"http:\/\/www.w3.org\/2000\/svg\" fill=\"none\" viewBox=\"0 0 24 24\">\n  <path stroke=\"currentColor\" stroke-linecap=\"round\" stroke-linejoin=\"round\" stroke-width=\"1.5\" d=\"M3 5.5a2 2 0 0 1 2-2h14a2 2 0 0 1 2 2v14a2 2 0 0 1-2 2H5a2 2 0 0 1-2-2v-14ZM8 2v3m8-3v3M3 9h18\"\/>\n<\/svg>\nFeb 27, 2026<\/span><\/div><div class=\"ultp-block-excerpt\"><p>El mi\u00e9rcoles 25 de febrero de 2026, el Sr. Carles P\u00e9rez-Desoy i Fages realiz\u00f3 una visita institucional a la sede de la eUniv en Sant Juli\u00e0 de L\u00f2ria.<\/p>\n<\/div><\/div><\/div><\/div><\/div><\/div><div class=\"pagination-block-html\" aria-hidden=\"true\" style=\"display: none;\"><div class=\"ultp-pagination-wrap ultp-pagination-ajax-action\"  data-for=\"ultp-block-60c639\"  data-blockid=\"60c639\"  data-expost=\"\"  data-paged=\"1\"  data-pages=\"21\"  data-blockname=\"ultimate-post_post-grid-1\"  data-postid=\"1455\"  data-selfpostid=\"yes\" ><ul class=\"ultp-pagination\"><li class=\"ultp-prev-page-numbers\" style=\"display:none\"><a href=\"https:\/\/euniv.eu\/es\/wp-json\/wp\/v2\/pages\/1455\/\"><svg xmlns=\"http:\/\/www.w3.org\/2000\/svg\" fill=\"none\" viewBox=\"0 0 24 24\">\n  <path stroke=\"currentColor\" stroke-linecap=\"round\" stroke-linejoin=\"round\" stroke-width=\"1.5\" d=\"m15 18-6-6 6-6\"\/>\n<\/svg>\n <\/a><\/li><li class=\"ultp-first-pages\" style=\"display:none\" data-current=\"1\"><a href=\"https:\/\/euniv.eu\/es\/wp-json\/wp\/v2\/pages\/1455\/\">1<\/a><\/li><li class=\"ultp-first-dot\"style=\"display:none\"><a href=\"#\">&#8230;<\/a><\/li><li class=\"ultp-center-item pagination-active\" data-current=\"1\"><a href=\"https:\/\/euniv.eu\/es\/wp-json\/wp\/v2\/pages\/1455\/\">1<\/a><\/li><li class=\"ultp-center-item\" data-current=\"2\" ><a href=\"https:\/\/euniv.eu\/es\/wp-json\/wp\/v2\/pages\/1455\/page\/2\/\">2<\/a><\/li><li class=\"ultp-center-item\" data-current=\"3\" ><a href=\"https:\/\/euniv.eu\/es\/wp-json\/wp\/v2\/pages\/1455\/page\/3\/\">3<\/a><\/li><li class=\"ultp-last-dot\" ><a href=\"#\">&#8230;<\/a><\/li><li class=\"ultp-last-pages\" data-current=\"21\"><a href=\"https:\/\/euniv.eu\/es\/wp-json\/wp\/v2\/pages\/1455\/page\/21\/\">21<\/a><\/li><li class=\"ultp-next-page-numbers\"><a href=\"https:\/\/euniv.eu\/es\/wp-json\/wp\/v2\/pages\/1455\/page\/2\/\"><svg xmlns=\"http:\/\/www.w3.org\/2000\/svg\" fill=\"none\" viewBox=\"0 0 24 24\">\n  <path stroke=\"currentColor\" stroke-linecap=\"round\" stroke-linejoin=\"round\" stroke-width=\"1.5\" d=\"m9 18 6-6-6-6\"\/>\n<\/svg>\n<\/a><\/li><\/ul><\/div><\/div><\/div>\n\n\n<div class=\"wp-block-ultimate-post-post-pagination ultp-block-40834c ultp-pagination-block ultp-pagination-wrap\"><div class=\"ultp-pagination-wrap ultp-disable-editor-click ultp-pagination-ajax-action\"><ul class=\"ultp-pagination\"><li><a href=\"#\" class=\"ultp-prev-page-numbers\"><svg xmlns=\"http:\/\/www.w3.org\/2000\/svg\" fill=\"none\" viewBox=\"0 0 24 24\"><path stroke=\"currentColor\" stroke-linecap=\"round\" stroke-linejoin=\"round\" stroke-width=\"1.5\" d=\"m15 18-6-6 6-6\"><\/path><\/svg><\/a><\/li><li><a href=\"#\">1<\/a><\/li><li><a href=\"#\">2<\/a><\/li><li><a href=\"#\">3<\/a><\/li><li><a href=\"#\" class=\"ultp-next-page-numbers\"><svg xmlns=\"http:\/\/www.w3.org\/2000\/svg\" fill=\"none\" viewBox=\"0 0 24 24\"><path stroke=\"currentColor\" stroke-linecap=\"round\" stroke-linejoin=\"round\" stroke-width=\"1.5\" d=\"m9 18 6-6-6-6\"><\/path><\/svg><\/a><\/li><\/ul><\/div><\/div>\n<\/div>\n<\/div><\/div>\n\n<\/div><\/div>","protected":false},"excerpt":{"rendered":"<p>Noticias<\/p>\n","protected":false},"author":3,"featured_media":0,"parent":0,"menu_order":0,"comment_status":"closed","ping_status":"closed","template":"templates\/template-builder.php","meta":{"_editorskit_title_hidden":false,"_editorskit_reading_time":1,"_editorskit_is_block_options_detached":false,"_editorskit_block_options_position":"{}","inline_featured_image":false,"footnotes":""},"class_list":["post-1455","page","type-page","status-publish","hentry","post","without-featured-image"],"featured_image_src":null,"featured_image_src_square":null,"_links":{"self":[{"href":"https:\/\/euniv.eu\/es\/wp-json\/wp\/v2\/pages\/1455","targetHints":{"allow":["GET"]}}],"collection":[{"href":"https:\/\/euniv.eu\/es\/wp-json\/wp\/v2\/pages"}],"about":[{"href":"https:\/\/euniv.eu\/es\/wp-json\/wp\/v2\/types\/page"}],"author":[{"embeddable":true,"href":"https:\/\/euniv.eu\/es\/wp-json\/wp\/v2\/users\/3"}],"replies":[{"embeddable":true,"href":"https:\/\/euniv.eu\/es\/wp-json\/wp\/v2\/comments?post=1455"}],"version-history":[{"count":4,"href":"https:\/\/euniv.eu\/es\/wp-json\/wp\/v2\/pages\/1455\/revisions"}],"predecessor-version":[{"id":20171,"href":"https:\/\/euniv.eu\/es\/wp-json\/wp\/v2\/pages\/1455\/revisions\/20171"}],"wp:attachment":[{"href":"https:\/\/euniv.eu\/es\/wp-json\/wp\/v2\/media?parent=1455"}],"curies":[{"name":"wp","href":"https:\/\/api.w.org\/{rel}","templated":true}]}}