{"id":5599,"date":"2022-03-31T13:23:20","date_gmt":"2022-03-31T13:23:20","guid":{"rendered":"https:\/\/euniv.eu\/?page_id=5599"},"modified":"2024-10-14T15:22:48","modified_gmt":"2024-10-14T15:22:48","slug":"politica-exterior-seguridad-eu","status":"publish","type":"page","link":"https:\/\/euniv.eu\/es\/investigacion\/politica-exterior-seguridad-eu\/","title":{"rendered":"La Pol\u00edtica Exterior y de Seguridad de la UE: las misiones civiles y militares"},"content":{"rendered":"<style>.kb-row-layout-id5599_956ccb-1c > .kt-row-column-wrap{align-content:start;}:where(.kb-row-layout-id5599_956ccb-1c > .kt-row-column-wrap) > .wp-block-kadence-column{justify-content:start;}.kb-row-layout-id5599_956ccb-1c > .kt-row-column-wrap{column-gap:var(--global-kb-gap-lg, 4rem);row-gap:var(--global-kb-gap-md, 2rem);max-width:1240px;margin-left:auto;margin-right:auto;padding-top:var(--global-kb-spacing-sm, 1.5rem);padding-bottom:var(--global-kb-spacing-sm, 1.5rem);grid-template-columns:minmax(0, calc(30% - ((var(--global-kb-gap-lg, 4rem) * 1 )\/2)))minmax(0, calc(70% - ((var(--global-kb-gap-lg, 4rem) * 1 )\/2)));}.kb-row-layout-id5599_956ccb-1c > .kt-row-layout-overlay{opacity:0.30;}@media all and (max-width: 1024px){.kb-row-layout-id5599_956ccb-1c > .kt-row-column-wrap{grid-template-columns:minmax(0, 1fr) minmax(0, 2fr);}}@media all and (max-width: 767px){.kb-row-layout-id5599_956ccb-1c > .kt-row-column-wrap{grid-template-columns:minmax(0, 1fr);}}<\/style><div class=\"kb-row-layout-wrap kb-row-layout-id5599_956ccb-1c alignnone wp-block-kadence-rowlayout\"><div class=\"kt-row-column-wrap kt-has-2-columns kt-row-layout-right-golden kt-tab-layout-inherit kt-mobile-layout-row kt-row-valign-top\">\n<style>.kadence-column5599_0e6b05-3b > .kt-inside-inner-col,.kadence-column5599_0e6b05-3b > .kt-inside-inner-col:before{border-top-left-radius:0px;border-top-right-radius:0px;border-bottom-right-radius:0px;border-bottom-left-radius:0px;}.kadence-column5599_0e6b05-3b > .kt-inside-inner-col{column-gap:var(--global-kb-gap-sm, 1rem);}.kadence-column5599_0e6b05-3b > .kt-inside-inner-col{flex-direction:column;}.kadence-column5599_0e6b05-3b > .kt-inside-inner-col > .aligncenter{width:100%;}.kadence-column5599_0e6b05-3b > .kt-inside-inner-col:before{opacity:0.3;}.kadence-column5599_0e6b05-3b{position:relative;}@media all and (max-width: 1024px){.kadence-column5599_0e6b05-3b > .kt-inside-inner-col{flex-direction:column;justify-content:center;}}@media all and (max-width: 767px){.kadence-column5599_0e6b05-3b > .kt-inside-inner-col{flex-direction:column;justify-content:center;}}<\/style>\n<div class=\"wp-block-kadence-column kadence-column5599_0e6b05-3b inner-column-1 animated fadeInLeft\"><div class=\"kt-inside-inner-col\"><ul id=\"menu-investigacion-es\" class=\"menu menu_left\"><li id=\"menu-item-5660\" class=\"menu-item menu-item-type-custom menu-item-object-custom menu-item-has-children menu-item-5660\"><a href=\"#nogo\">L\u00edneas de Investigaci\u00f3n Doctoral<\/a>\n<ul class=\"sub-menu\">\n\t<li id=\"menu-item-5670\" class=\"menu-item menu-item-type-post_type menu-item-object-page menu-item-5670\"><a href=\"https:\/\/euniv.eu\/es\/investigacion\/universidades-y-pais-las-universidades-en-la-historia-catalana\/\">Universidades y Pa\u00eds<\/a><\/li>\n\t<li id=\"menu-item-5664\" class=\"menu-item menu-item-type-post_type menu-item-object-page menu-item-5664\"><a href=\"https:\/\/euniv.eu\/es\/investigacion\/la-gestion-de-la-comunicacion-en-el-siglo-xxi-el-tercer-sector\/\">La gesti\u00f3n de la comunicaci\u00f3n en el siglo XXI<\/a><\/li>\n\t<li id=\"menu-item-13648\" class=\"menu-item menu-item-type-post_type menu-item-object-page menu-item-13648\"><a href=\"https:\/\/euniv.eu\/es\/investigacion\/representacion-simbolica-de-marca\/\">Representaci\u00f3n Simb\u00f3lica de Marca<\/a><\/li>\n<\/ul>\n<\/li>\n<li id=\"menu-item-5671\" class=\"menu-item menu-item-type-post_type menu-item-object-page menu-item-has-children menu-item-5671\"><a href=\"https:\/\/euniv.eu\/es\/investigacion\/observatorio-europeo-de-la-comunicacion\/\">Observatorio Europeo de la Comunicaci\u00f3n<\/a>\n<ul class=\"sub-menu\">\n\t<li id=\"menu-item-14538\" class=\"menu-item menu-item-type-post_type menu-item-object-page menu-item-14538\"><a href=\"https:\/\/euniv.eu\/es\/symposium-grafica\/\">Symposium Grafica<\/a><\/li>\n<\/ul>\n<\/li>\n<li id=\"menu-item-11230\" class=\"menu-item menu-item-type-post_type menu-item-object-page menu-item-11230\"><a href=\"https:\/\/euniv.eu\/es\/investigacion\/instituto-universitario-alma-mater\/\">Alma Mater<\/a><\/li>\n<li id=\"menu-item-11233\" class=\"menu-item menu-item-type-post_type menu-item-object-page menu-item-11233\"><a href=\"https:\/\/euniv.eu\/es\/investigacion\/instituto-universitario-nextg\/\">NEXTG<\/a><\/li>\n<li id=\"menu-item-11231\" class=\"menu-item menu-item-type-post_type menu-item-object-page menu-item-11231\"><a href=\"https:\/\/euniv.eu\/es\/investigacion\/instituto-universitario-iurnat\/\">IURNAT<\/a><\/li>\n<li id=\"menu-item-11232\" class=\"menu-item menu-item-type-post_type menu-item-object-page menu-item-11232\"><a href=\"https:\/\/euniv.eu\/es\/investigacion\/instituto-universitario-laurentia\/\">Lafayette<\/a><\/li>\n<\/ul>\n<\/div><\/div>\n\n\n<style>.kadence-column5599_b07b3e-09 > .kt-inside-inner-col,.kadence-column5599_b07b3e-09 > .kt-inside-inner-col:before{border-top-left-radius:0px;border-top-right-radius:0px;border-bottom-right-radius:0px;border-bottom-left-radius:0px;}.kadence-column5599_b07b3e-09 > .kt-inside-inner-col{column-gap:var(--global-kb-gap-sm, 1rem);}.kadence-column5599_b07b3e-09 > .kt-inside-inner-col{flex-direction:column;}.kadence-column5599_b07b3e-09 > .kt-inside-inner-col > .aligncenter{width:100%;}.kadence-column5599_b07b3e-09 > .kt-inside-inner-col:before{opacity:0.3;}.kadence-column5599_b07b3e-09{position:relative;}@media all and (max-width: 1024px){.kadence-column5599_b07b3e-09 > .kt-inside-inner-col{flex-direction:column;justify-content:center;}}@media all and (max-width: 767px){.kadence-column5599_b07b3e-09 > .kt-inside-inner-col{flex-direction:column;justify-content:center;}}<\/style>\n<div class=\"wp-block-kadence-column kadence-column5599_b07b3e-09 inner-column-2 animated fadeIn slow\"><div class=\"kt-inside-inner-col\"><style>.kb-row-layout-id5599_753843-08 > .kt-row-column-wrap{align-content:center;}:where(.kb-row-layout-id5599_753843-08 > .kt-row-column-wrap) > .wp-block-kadence-column{justify-content:center;}.kb-row-layout-id5599_753843-08 > .kt-row-column-wrap{column-gap:20px;row-gap:var(--global-kb-gap-md, 2rem);padding-top:var(--global-kb-spacing-sm, 1.5rem);padding-bottom:var(--global-kb-spacing-sm, 1.5rem);grid-template-columns:minmax(0, calc(15% - ((20px * 1 )\/2)))minmax(0, calc(85% - ((20px * 1 )\/2)));}.kb-row-layout-id5599_753843-08 > .kt-row-layout-overlay{opacity:0.30;}@media all and (max-width: 1024px){.kb-row-layout-id5599_753843-08 > .kt-row-column-wrap{grid-template-columns:minmax(0, 1fr) minmax(0, 2fr);}}@media all and (max-width: 767px){.kb-row-layout-id5599_753843-08 > .kt-row-column-wrap{grid-template-columns:minmax(0, 1fr);}}<\/style><div class=\"kb-row-layout-wrap kb-row-layout-id5599_753843-08 alignnone wp-block-kadence-rowlayout\"><div class=\"kt-row-column-wrap kt-has-2-columns kt-row-layout-right-golden kt-tab-layout-inherit kt-mobile-layout-row kt-row-valign-middle\">\n<style>.kadence-column5599_000e0e-8f > .kt-inside-inner-col,.kadence-column5599_000e0e-8f > .kt-inside-inner-col:before{border-top-left-radius:0px;border-top-right-radius:0px;border-bottom-right-radius:0px;border-bottom-left-radius:0px;}.kadence-column5599_000e0e-8f > .kt-inside-inner-col{column-gap:var(--global-kb-gap-sm, 1rem);}.kadence-column5599_000e0e-8f > .kt-inside-inner-col{flex-direction:column;}.kadence-column5599_000e0e-8f > .kt-inside-inner-col > .aligncenter{width:100%;}.kadence-column5599_000e0e-8f > .kt-inside-inner-col:before{opacity:0.3;}.kadence-column5599_000e0e-8f{position:relative;}@media all and (max-width: 1024px){.kadence-column5599_000e0e-8f > .kt-inside-inner-col{flex-direction:column;justify-content:center;}}@media all and (max-width: 767px){.kadence-column5599_000e0e-8f > .kt-inside-inner-col{flex-direction:column;justify-content:center;}}<\/style>\n<div class=\"wp-block-kadence-column kadence-column5599_000e0e-8f inner-column-1\"><div class=\"kt-inside-inner-col\">\n<figure class=\"wp-block-image size-large\"><img loading=\"lazy\" decoding=\"async\" width=\"112\" height=\"150\" src=\"https:\/\/euniv.eu\/wp-content\/uploads\/\/2020\/09\/ico_p.svg\" alt=\"P\" class=\"wp-image-1830\"\/><\/figure>\n<\/div><\/div>\n\n\n<style>.kadence-column5599_0b202b-4f > .kt-inside-inner-col,.kadence-column5599_0b202b-4f > .kt-inside-inner-col:before{border-top-left-radius:0px;border-top-right-radius:0px;border-bottom-right-radius:0px;border-bottom-left-radius:0px;}.kadence-column5599_0b202b-4f > .kt-inside-inner-col{column-gap:var(--global-kb-gap-sm, 1rem);}.kadence-column5599_0b202b-4f > .kt-inside-inner-col{flex-direction:column;}.kadence-column5599_0b202b-4f > .kt-inside-inner-col > .aligncenter{width:100%;}.kadence-column5599_0b202b-4f > .kt-inside-inner-col:before{opacity:0.3;}.kadence-column5599_0b202b-4f{position:relative;}@media all and (max-width: 1024px){.kadence-column5599_0b202b-4f > .kt-inside-inner-col{flex-direction:column;justify-content:center;}}@media all and (max-width: 767px){.kadence-column5599_0b202b-4f > .kt-inside-inner-col{flex-direction:column;justify-content:center;}}<\/style>\n<div class=\"wp-block-kadence-column kadence-column5599_0b202b-4f inner-column-2\"><div class=\"kt-inside-inner-col\">\n<h1 class=\"wp-block-heading\">Pol\u00edtica Exterior i de Seguretat de la Uni\u00f3 Europea<\/h1>\n<\/div><\/div>\n\n<\/div><\/div>\n\n<style>.wp-block-kadence-advancedheading.kt-adv-heading5599_0954c9-71, .wp-block-kadence-advancedheading.kt-adv-heading5599_0954c9-71[data-kb-block=\"kb-adv-heading5599_0954c9-71\"]{font-style:normal;color:#6d093a;}.wp-block-kadence-advancedheading.kt-adv-heading5599_0954c9-71 mark.kt-highlight, .wp-block-kadence-advancedheading.kt-adv-heading5599_0954c9-71[data-kb-block=\"kb-adv-heading5599_0954c9-71\"] mark.kt-highlight{font-style:normal;color:#f76a0c;-webkit-box-decoration-break:clone;box-decoration-break:clone;padding-top:0px;padding-right:0px;padding-bottom:0px;padding-left:0px;}.wp-block-kadence-advancedheading.kt-adv-heading5599_0954c9-71 img.kb-inline-image, .wp-block-kadence-advancedheading.kt-adv-heading5599_0954c9-71[data-kb-block=\"kb-adv-heading5599_0954c9-71\"] img.kb-inline-image{width:150px;vertical-align:baseline;}<\/style>\n<h6 class=\"kt-adv-heading5599_0954c9-71 wp-block-kadence-advancedheading\" data-kb-block=\"kb-adv-heading5599_0954c9-71\"><strong>1. Denominaci\u00f3 de la l\u00ednia de recerca doctoral<\/strong><\/h6>\n\n\n\n<p class=\"txt_nota\">La Pol\u00edtica Exterior i de Seguretat Com\u00fa de la UE: les missions civils i militars<\/p>\n\n\n<style>.wp-block-kadence-advancedheading.kt-adv-heading5599_dd473d-be, .wp-block-kadence-advancedheading.kt-adv-heading5599_dd473d-be[data-kb-block=\"kb-adv-heading5599_dd473d-be\"]{font-style:normal;color:#6d093a;}.wp-block-kadence-advancedheading.kt-adv-heading5599_dd473d-be mark.kt-highlight, .wp-block-kadence-advancedheading.kt-adv-heading5599_dd473d-be[data-kb-block=\"kb-adv-heading5599_dd473d-be\"] mark.kt-highlight{font-style:normal;color:#f76a0c;-webkit-box-decoration-break:clone;box-decoration-break:clone;padding-top:0px;padding-right:0px;padding-bottom:0px;padding-left:0px;}.wp-block-kadence-advancedheading.kt-adv-heading5599_dd473d-be img.kb-inline-image, .wp-block-kadence-advancedheading.kt-adv-heading5599_dd473d-be[data-kb-block=\"kb-adv-heading5599_dd473d-be\"] img.kb-inline-image{width:150px;vertical-align:baseline;}<\/style>\n<h6 class=\"kt-adv-heading5599_dd473d-be wp-block-kadence-advancedheading\" data-kb-block=\"kb-adv-heading5599_dd473d-be\"><strong>2. Codi\/s UNESCO afins a la l\u00ednia de recerca<\/strong><\/h6>\n\n\n\n<figure class=\"wp-block-table txt_nota\"><table><tbody><tr><td><strong>DISCIPLINES<\/strong><\/td><td><strong>SUBDISCIPLINES<\/strong><\/td><\/tr><tr><td><strong><strong><strong>5300<\/strong>: <\/strong><\/strong>Ci\u00e8ncies Econ\u00f2miques<\/td><td><strong>10: <\/strong>Economia Internacional<\/td><\/tr><tr><td><strong><strong><strong>5400<\/strong>: <\/strong><\/strong>Geografia<\/td><td><strong>05: <\/strong>Geografia Pol\u00edtica<\/td><\/tr><tr><td><strong><strong><strong>5500<\/strong>: <\/strong><\/strong>Hist\u00f2ria<\/td><td><strong><strong>05: <\/strong><\/strong>Hist\u00f2ria de les Relacions Internacionals<\/td><\/tr><tr><td><strong><strong><strong>5600<\/strong>: <\/strong><\/strong>Ci\u00e8ncies Jur\u00eddiques i Dret<\/td><td><strong>93: <\/strong>Dret Internacional<\/td><\/tr><tr><td><strong><strong><strong>5900<\/strong>: <\/strong><\/strong>Ci\u00e8ncia Pol\u00edtica<\/td><td><strong><strong>0<\/strong>1: <\/strong>Relacions Internacionals<\/td><\/tr><tr><td><strong><strong><strong><strong>6300: <\/strong><\/strong><\/strong><\/strong>Sociologia<\/td><td><strong><strong><strong><strong>0<\/strong>4: <\/strong><\/strong><\/strong>Problemes Internacionals<\/td><\/tr><\/tbody><\/table><\/figure>\n\n\n<style>.wp-block-kadence-advancedheading.kt-adv-heading5599_e638f0-ac, .wp-block-kadence-advancedheading.kt-adv-heading5599_e638f0-ac[data-kb-block=\"kb-adv-heading5599_e638f0-ac\"]{font-style:normal;color:#6d093a;}.wp-block-kadence-advancedheading.kt-adv-heading5599_e638f0-ac mark.kt-highlight, .wp-block-kadence-advancedheading.kt-adv-heading5599_e638f0-ac[data-kb-block=\"kb-adv-heading5599_e638f0-ac\"] mark.kt-highlight{font-style:normal;color:#f76a0c;-webkit-box-decoration-break:clone;box-decoration-break:clone;padding-top:0px;padding-right:0px;padding-bottom:0px;padding-left:0px;}.wp-block-kadence-advancedheading.kt-adv-heading5599_e638f0-ac img.kb-inline-image, .wp-block-kadence-advancedheading.kt-adv-heading5599_e638f0-ac[data-kb-block=\"kb-adv-heading5599_e638f0-ac\"] img.kb-inline-image{width:150px;vertical-align:baseline;}<\/style>\n<h6 class=\"kt-adv-heading5599_e638f0-ac wp-block-kadence-advancedheading\" data-kb-block=\"kb-adv-heading5599_e638f0-ac\"><strong>3. Perfil recomanat d\u2019admissi\u00f3 per als candidats\/es<\/strong><\/h6>\n\n\n\n<p class=\"txt_nota\">Persones interessades en la recerca sobre el funcionament i organitzaci\u00f3 de les pol\u00edtiques de la Uni\u00f3 Europea, formades preferentment en les branques de les Ci\u00e8ncies Socials i Jur\u00eddiques, familiaritzades amb alguna de les dimensions de la construcci\u00f3 europea, amb una compet\u00e8ncia ling\u00fc\u00edstica de nivell B2 del Marc Europeu de Refer\u00e8ncia de&nbsp; les Lleng\u00fces en catal\u00e0, espanyol o angl\u00e8s, una disponibilitat d\u2019acord amb les exig\u00e8ncies del r\u00e8gim doctoral de l\u2019Espai Europeu de l\u2019Ensenyament Superior, i una vinculaci\u00f3 amb una instituci\u00f3 universit\u00e0ria catalana que motivi i justifiqui la seva candidatura.<\/p>\n\n\n<style>.wp-block-kadence-advancedheading.kt-adv-heading5599_dde420-8a, .wp-block-kadence-advancedheading.kt-adv-heading5599_dde420-8a[data-kb-block=\"kb-adv-heading5599_dde420-8a\"]{font-style:normal;color:#6d093a;}.wp-block-kadence-advancedheading.kt-adv-heading5599_dde420-8a mark.kt-highlight, .wp-block-kadence-advancedheading.kt-adv-heading5599_dde420-8a[data-kb-block=\"kb-adv-heading5599_dde420-8a\"] mark.kt-highlight{font-style:normal;color:#f76a0c;-webkit-box-decoration-break:clone;box-decoration-break:clone;padding-top:0px;padding-right:0px;padding-bottom:0px;padding-left:0px;}.wp-block-kadence-advancedheading.kt-adv-heading5599_dde420-8a img.kb-inline-image, .wp-block-kadence-advancedheading.kt-adv-heading5599_dde420-8a[data-kb-block=\"kb-adv-heading5599_dde420-8a\"] img.kb-inline-image{width:150px;vertical-align:baseline;}<\/style>\n<h6 class=\"kt-adv-heading5599_dde420-8a wp-block-kadence-advancedheading\" data-kb-block=\"kb-adv-heading5599_dde420-8a\"><strong>4. C\u00e0tedra responsable<\/strong><\/h6>\n\n\n\n<p class=\"txt_nota\">C\u00e0tedra Fiter i Rossell de Ci\u00e8ncies Jur\u00eddiques i Pol\u00edtiques<\/p>\n\n\n<style>.wp-block-kadence-advancedheading.kt-adv-heading5599_45f445-9e, .wp-block-kadence-advancedheading.kt-adv-heading5599_45f445-9e[data-kb-block=\"kb-adv-heading5599_45f445-9e\"]{font-style:normal;color:#6d093a;}.wp-block-kadence-advancedheading.kt-adv-heading5599_45f445-9e mark.kt-highlight, .wp-block-kadence-advancedheading.kt-adv-heading5599_45f445-9e[data-kb-block=\"kb-adv-heading5599_45f445-9e\"] mark.kt-highlight{font-style:normal;color:#f76a0c;-webkit-box-decoration-break:clone;box-decoration-break:clone;padding-top:0px;padding-right:0px;padding-bottom:0px;padding-left:0px;}.wp-block-kadence-advancedheading.kt-adv-heading5599_45f445-9e img.kb-inline-image, .wp-block-kadence-advancedheading.kt-adv-heading5599_45f445-9e[data-kb-block=\"kb-adv-heading5599_45f445-9e\"] img.kb-inline-image{width:150px;vertical-align:baseline;}<\/style>\n<h6 class=\"kt-adv-heading5599_45f445-9e wp-block-kadence-advancedheading\" data-kb-block=\"kb-adv-heading5599_45f445-9e\"><strong>5. Centre organitzador<\/strong><\/h6>\n\n\n\n<p class=\"txt_nota\">Centre d\u2019Estudis Europeus<\/p>\n\n\n<style>.wp-block-kadence-advancedheading.kt-adv-heading5599_ac923c-f2, .wp-block-kadence-advancedheading.kt-adv-heading5599_ac923c-f2[data-kb-block=\"kb-adv-heading5599_ac923c-f2\"]{font-style:normal;color:#6d093a;}.wp-block-kadence-advancedheading.kt-adv-heading5599_ac923c-f2 mark.kt-highlight, .wp-block-kadence-advancedheading.kt-adv-heading5599_ac923c-f2[data-kb-block=\"kb-adv-heading5599_ac923c-f2\"] mark.kt-highlight{font-style:normal;color:#f76a0c;-webkit-box-decoration-break:clone;box-decoration-break:clone;padding-top:0px;padding-right:0px;padding-bottom:0px;padding-left:0px;}.wp-block-kadence-advancedheading.kt-adv-heading5599_ac923c-f2 img.kb-inline-image, .wp-block-kadence-advancedheading.kt-adv-heading5599_ac923c-f2[data-kb-block=\"kb-adv-heading5599_ac923c-f2\"] img.kb-inline-image{width:150px;vertical-align:baseline;}<\/style>\n<h6 class=\"kt-adv-heading5599_ac923c-f2 wp-block-kadence-advancedheading\" data-kb-block=\"kb-adv-heading5599_ac923c-f2\"><strong>6. Coordinaci\u00f3<\/strong><\/h6>\n\n\n\n<p class=\"txt_nota\">Dr. Eugenio P\u00e9rez de Francisco<\/p>\n\n\n<style>.wp-block-kadence-advancedheading.kt-adv-heading5599_d583c1-59, .wp-block-kadence-advancedheading.kt-adv-heading5599_d583c1-59[data-kb-block=\"kb-adv-heading5599_d583c1-59\"]{font-style:normal;color:#6d093a;}.wp-block-kadence-advancedheading.kt-adv-heading5599_d583c1-59 mark.kt-highlight, .wp-block-kadence-advancedheading.kt-adv-heading5599_d583c1-59[data-kb-block=\"kb-adv-heading5599_d583c1-59\"] mark.kt-highlight{font-style:normal;color:#f76a0c;-webkit-box-decoration-break:clone;box-decoration-break:clone;padding-top:0px;padding-right:0px;padding-bottom:0px;padding-left:0px;}.wp-block-kadence-advancedheading.kt-adv-heading5599_d583c1-59 img.kb-inline-image, .wp-block-kadence-advancedheading.kt-adv-heading5599_d583c1-59[data-kb-block=\"kb-adv-heading5599_d583c1-59\"] img.kb-inline-image{width:150px;vertical-align:baseline;}<\/style>\n<h6 class=\"kt-adv-heading5599_d583c1-59 wp-block-kadence-advancedheading\" data-kb-block=\"kb-adv-heading5599_d583c1-59\">7. <strong>Objecte d\u2019estudi<\/strong><\/h6>\n\n\n\n<p class=\"txt_nota\">Aquesta l\u00ednia de recerca doctoral estudia els desenvolupaments normatius generats en el marc de la Uni\u00f3 Europea a partir de l\u2019inici de les operacions civils i militars dutes a terme en tercers estats, en compliment de la Pol\u00edtica Exterior i de Seguretat Com\u00fa (PESC) de la UE, i aborda les conseq\u00fc\u00e8ncies que d\u2019elles s\u2019han derivat per als membres de la Uni\u00f3, per als tercers estats, i per a la pr\u00f2pia ordenaci\u00f3 que el Dret Internacional P\u00fablic ha establert en mat\u00e8ria de seguretat internacional.<\/p>\n\n\n<style>.wp-block-kadence-advancedheading.kt-adv-heading5599_7766d9-ec, .wp-block-kadence-advancedheading.kt-adv-heading5599_7766d9-ec[data-kb-block=\"kb-adv-heading5599_7766d9-ec\"]{font-style:normal;color:#6d093a;}.wp-block-kadence-advancedheading.kt-adv-heading5599_7766d9-ec mark.kt-highlight, .wp-block-kadence-advancedheading.kt-adv-heading5599_7766d9-ec[data-kb-block=\"kb-adv-heading5599_7766d9-ec\"] mark.kt-highlight{font-style:normal;color:#f76a0c;-webkit-box-decoration-break:clone;box-decoration-break:clone;padding-top:0px;padding-right:0px;padding-bottom:0px;padding-left:0px;}.wp-block-kadence-advancedheading.kt-adv-heading5599_7766d9-ec img.kb-inline-image, .wp-block-kadence-advancedheading.kt-adv-heading5599_7766d9-ec[data-kb-block=\"kb-adv-heading5599_7766d9-ec\"] img.kb-inline-image{width:150px;vertical-align:baseline;}<\/style>\n<h6 class=\"kt-adv-heading5599_7766d9-ec wp-block-kadence-advancedheading\" data-kb-block=\"kb-adv-heading5599_7766d9-ec\"><strong>8. Hip\u00f2tesis<\/strong><\/h6>\n\n\n\n<p class=\"txt_nota\">La l\u00ednia de recerca es planteja, com a hip\u00f2tesi de conjunt, demostrar que els desenvolupaments normatius sobre seguretat i defensa incorporats al dret de la Uni\u00f3 Europea han comportat, <em>de facto<\/em> i <em>de iure,<\/em> un canvi de la posici\u00f3 de la UE en el context jur\u00eddic i pol\u00edtic internacional, que s\u2019ha projectat sobre els seus membres i l\u2019ha convertida en un actor decisiu en la cooperaci\u00f3 amb les organitzacions internacionals competents en aquests \u00e0mbits.<\/p>\n\n\n<style>.wp-block-kadence-advancedheading.kt-adv-heading5599_23dd9c-62, .wp-block-kadence-advancedheading.kt-adv-heading5599_23dd9c-62[data-kb-block=\"kb-adv-heading5599_23dd9c-62\"]{font-style:normal;color:#6d093a;}.wp-block-kadence-advancedheading.kt-adv-heading5599_23dd9c-62 mark.kt-highlight, .wp-block-kadence-advancedheading.kt-adv-heading5599_23dd9c-62[data-kb-block=\"kb-adv-heading5599_23dd9c-62\"] mark.kt-highlight{font-style:normal;color:#f76a0c;-webkit-box-decoration-break:clone;box-decoration-break:clone;padding-top:0px;padding-right:0px;padding-bottom:0px;padding-left:0px;}.wp-block-kadence-advancedheading.kt-adv-heading5599_23dd9c-62 img.kb-inline-image, .wp-block-kadence-advancedheading.kt-adv-heading5599_23dd9c-62[data-kb-block=\"kb-adv-heading5599_23dd9c-62\"] img.kb-inline-image{width:150px;vertical-align:baseline;}<\/style>\n<h6 class=\"kt-adv-heading5599_23dd9c-62 wp-block-kadence-advancedheading\" data-kb-block=\"kb-adv-heading5599_23dd9c-62\"><strong>9. Durada<\/strong><\/h6>\n\n\n\n<p class=\"txt_nota\">3 anys<\/p>\n\n\n<style>.wp-block-kadence-advancedheading.kt-adv-heading5599_907225-7a, .wp-block-kadence-advancedheading.kt-adv-heading5599_907225-7a[data-kb-block=\"kb-adv-heading5599_907225-7a\"]{font-style:normal;color:#6d093a;}.wp-block-kadence-advancedheading.kt-adv-heading5599_907225-7a mark.kt-highlight, .wp-block-kadence-advancedheading.kt-adv-heading5599_907225-7a[data-kb-block=\"kb-adv-heading5599_907225-7a\"] mark.kt-highlight{font-style:normal;color:#f76a0c;-webkit-box-decoration-break:clone;box-decoration-break:clone;padding-top:0px;padding-right:0px;padding-bottom:0px;padding-left:0px;}.wp-block-kadence-advancedheading.kt-adv-heading5599_907225-7a img.kb-inline-image, .wp-block-kadence-advancedheading.kt-adv-heading5599_907225-7a[data-kb-block=\"kb-adv-heading5599_907225-7a\"] img.kb-inline-image{width:150px;vertical-align:baseline;}<\/style>\n<h6 class=\"kt-adv-heading5599_907225-7a wp-block-kadence-advancedheading\" data-kb-block=\"kb-adv-heading5599_907225-7a\"><strong>10. Model anal\u00edtic<\/strong><\/h6>\n\n\n\n<p class=\"txt_nota\">Les recerques doctorals d\u2019aquesta l\u00ednia han d\u2019assumir preceptivament l\u2019estructura anal\u00edtica seg\u00fcent en el seu Pla de Recerca Doctoral:<\/p>\n\n\n\n<ul style=\"color:#6d093a\" class=\"wp-block-list has-text-color has-small-font-size has-small-font-size\">\n<li><strong>Part Introduct\u00f2ria<\/strong><\/li>\n<\/ul>\n\n\n\n<ol class=\"wp-block-list txt_nota\">\n<li>Justificaci\u00f3 de la recerca.<\/li>\n\n\n\n<li>Presentaci\u00f3 del cas de recerca doctoral.<\/li>\n\n\n\n<li>Formulaci\u00f3 de la hip\u00f2tesi general i de les espec\u00edfiques.<\/li>\n<\/ol>\n\n\n\n<ul style=\"color:#6d093a\" class=\"wp-block-list has-text-color has-small-font-size has-small-font-size\">\n<li><strong>Primera part <\/strong><\/li>\n<\/ul>\n\n\n\n<ol class=\"wp-block-list txt_nota\">\n<li>Conceptualitzaci\u00f3 de la PESC i de les missions civils i militars europees com a objecte d\u2019estudi cient\u00edfic.<\/li>\n\n\n\n<li>Enfocaments i perspectives te\u00f2riques aplicades en l\u2019estudi de la PESC i de les missions civils i militars europees.<\/li>\n\n\n\n<li>Metodologia i t\u00e8cniques per a l\u2019an\u00e0lisi de la PESC i de les missions civils i militars europees.<\/li>\n\n\n\n<li>Fonts documentals i bibliogr\u00e0fiques generals i especialitzades en la PESC i de les missions civils i militars europees.<\/li>\n<\/ol>\n\n\n\n<ul style=\"color:#6d093a\" class=\"wp-block-list has-text-color has-small-font-size has-small-font-size\">\n<li><strong>Segona part <\/strong><\/li>\n<\/ul>\n\n\n\n<ol class=\"wp-block-list txt_nota\">\n<li>An\u00e0lisi descriptiva del r\u00e8gim jur\u00eddic espec\u00edfic aplicat a la missi\u00f3 civil o militar europea objecte del cas de recerca doctoral.<\/li>\n\n\n\n<li>An\u00e0lisi descriptiva de la missi\u00f3 civil o militar europea objecte del cas de recerca doctoral.<\/li>\n\n\n\n<li>An\u00e0lisi descriptiva dels efectes pol\u00edtics i jur\u00eddics de la missi\u00f3 civil o militar europea objecte del cas de recerca doctoral.<\/li>\n\n\n\n<li>An\u00e0lisi emp\u00edrica de l\u2019efic\u00e0cia real de la missi\u00f3 civil o militar europea objecte del cas de recerca doctoral.<\/li>\n<\/ol>\n\n\n\n<ul style=\"color:#6d093a\" class=\"wp-block-list has-text-color has-small-font-size has-small-font-size\">\n<li><strong>Tercera part <\/strong><\/li>\n<\/ul>\n\n\n\n<ol class=\"wp-block-list txt_nota\">\n<li>An\u00e0lisi conclusiva sobre els resultats de la missi\u00f3 civil o militar europea objecte del cas de recerca doctoral.<\/li>\n\n\n\n<li>An\u00e0lisi comparativa dels resultats de la missi\u00f3 civil o militar europea objecte del cas de recerca doctoral en relaci\u00f3 amb les altres missions investigades per la l\u00ednia de recerca doctoral.<\/li>\n<\/ol>\n\n\n\n<ul style=\"color:#6d093a\" class=\"wp-block-list has-text-color has-small-font-size has-small-font-size\">\n<li><strong>Quarta part <\/strong><\/li>\n<\/ul>\n\n\n\n<ol class=\"wp-block-list txt_nota\">\n<li>Fonts bibliogr\u00e0fiques generals i especialitzades emprades en la recerca. <\/li>\n\n\n\n<li>Fonts documentals espec\u00edfiques emprades en la recerca.<\/li>\n<\/ol>\n\n\n<style>.wp-block-kadence-advancedheading.kt-adv-heading5599_d24ff2-c1, .wp-block-kadence-advancedheading.kt-adv-heading5599_d24ff2-c1[data-kb-block=\"kb-adv-heading5599_d24ff2-c1\"]{font-style:normal;color:#6d093a;}.wp-block-kadence-advancedheading.kt-adv-heading5599_d24ff2-c1 mark.kt-highlight, .wp-block-kadence-advancedheading.kt-adv-heading5599_d24ff2-c1[data-kb-block=\"kb-adv-heading5599_d24ff2-c1\"] mark.kt-highlight{font-style:normal;color:#f76a0c;-webkit-box-decoration-break:clone;box-decoration-break:clone;padding-top:0px;padding-right:0px;padding-bottom:0px;padding-left:0px;}.wp-block-kadence-advancedheading.kt-adv-heading5599_d24ff2-c1 img.kb-inline-image, .wp-block-kadence-advancedheading.kt-adv-heading5599_d24ff2-c1[data-kb-block=\"kb-adv-heading5599_d24ff2-c1\"] img.kb-inline-image{width:150px;vertical-align:baseline;}<\/style>\n<h6 class=\"kt-adv-heading5599_d24ff2-c1 wp-block-kadence-advancedheading\" data-kb-block=\"kb-adv-heading5599_d24ff2-c1\"><strong>11. Opcions de recerca doctoral<\/strong><\/h6>\n\n\n\n<p class=\"txt_nota\">Inicialment, les persones admeses en aquesta l\u00ednia de recerca doctoral podran escollir com a cas d\u2019estudi una universitat o estudi general entre les seg\u00fcents opcions:<\/p>\n\n\n\n<ol class=\"wp-block-list txt_nota\">\n<li>EUFOR ALTHEA (B\u00f2snia i Herzegovina)<\/li>\n\n\n\n<li>EUBAM (Mold\u00e0via i Ucra\u00efna)<\/li>\n\n\n\n<li>EUBAM RAFAH-EUPOL COPPS (Palestina)<\/li>\n\n\n\n<li>EUMM (Ge\u00f2rgia)<\/li>\n\n\n\n<li>EULEX (Kosovo)<\/li>\n\n\n\n<li>EU NAVFOR (Oce\u00e0 \u00cdndic)<\/li>\n\n\n\n<li>EUTM-EUCAP (Som\u00e0lia)<\/li>\n\n\n\n<li>EUTM-EUCAP SAHEL (Mali)<\/li>\n\n\n\n<li>EUCAP SAHEL (N\u00edger)<\/li>\n\n\n\n<li>EUBAM (L\u00edbia)<\/li>\n\n\n\n<li>EUTM RCA-EUAM RCA (Rep\u00fablica Centreafricana)<\/li>\n\n\n\n<li>EUAM (Irak)<\/li>\n\n\n\n<li>EU NAVFOR MED IRINI (Mar Mediterr\u00e0nia)<\/li>\n<\/ol>\n\n\n\n<p class=\"txt_nota\">La Coordinaci\u00f3 de l\u00ednia de recerca doctoral adjudicar\u00e0 els casos per ordre d\u2019admissi\u00f3 dels doctorand\/es i tenint en compte l\u2019inter\u00e8s o la vinculaci\u00f3 acreditada amb una o altra missi\u00f3 civil o militar europea.<\/p>\n\n\n<style>.wp-block-kadence-advancedheading.kt-adv-heading5599_50f3b0-35, .wp-block-kadence-advancedheading.kt-adv-heading5599_50f3b0-35[data-kb-block=\"kb-adv-heading5599_50f3b0-35\"]{font-style:normal;color:#6d093a;}.wp-block-kadence-advancedheading.kt-adv-heading5599_50f3b0-35 mark.kt-highlight, .wp-block-kadence-advancedheading.kt-adv-heading5599_50f3b0-35[data-kb-block=\"kb-adv-heading5599_50f3b0-35\"] mark.kt-highlight{font-style:normal;color:#f76a0c;-webkit-box-decoration-break:clone;box-decoration-break:clone;padding-top:0px;padding-right:0px;padding-bottom:0px;padding-left:0px;}.wp-block-kadence-advancedheading.kt-adv-heading5599_50f3b0-35 img.kb-inline-image, .wp-block-kadence-advancedheading.kt-adv-heading5599_50f3b0-35[data-kb-block=\"kb-adv-heading5599_50f3b0-35\"] img.kb-inline-image{width:150px;vertical-align:baseline;}<\/style>\n<h6 class=\"kt-adv-heading5599_50f3b0-35 wp-block-kadence-advancedheading\" data-kb-block=\"kb-adv-heading5599_50f3b0-35\"><strong>12. Formaci\u00f3 especialitzada<\/strong><\/h6>\n\n\n\n<p class=\"txt_nota\">D\u2019acord amb les normes que regeixen el Programa de Doctorat, la l\u00ednia de recerca organitza l\u2019activitat formativa especialitzada corresponent, que els doctorand\/es han de realitzar durant el primer any del programa en modalitat <em>on line<\/em>.<\/p>\n\n\n\n<p class=\"txt_nota\">La formaci\u00f3 especialitzada permet als doctorands\/es disposar un coneixement previ de tots els elements te\u00f2rics i metodol\u00f2gics necessaris per a dur a terme la seva recerca, i s\u2019ordena en les 7 unitats de continguts seg\u00fcents:<\/p>\n\n\n\n<ol class=\"wp-block-list txt_nota\">\n<li>La construcci\u00f3 de l\u2019objecte d\u2019estudi.<\/li>\n\n\n\n<li>Els enfocaments te\u00f2rics sobre l\u2019objecte d\u2019estudi.<\/li>\n\n\n\n<li>La metodologia i les t\u00e8cniques de recerca.<\/li>\n\n\n\n<li>Les fonts d\u2019informaci\u00f3 i documentaci\u00f3 per a la recerca.<\/li>\n\n\n\n<li>La hip\u00f2tesi de la recerca.<\/li>\n\n\n\n<li>L\u2019\u00e0mbit i l\u2019abast de la recerca.<\/li>\n\n\n\n<li>Estructura de la recerca.<\/li>\n<\/ol>\n\n\n<style>.wp-block-kadence-advancedheading.kt-adv-heading5599_a99e95-58, .wp-block-kadence-advancedheading.kt-adv-heading5599_a99e95-58[data-kb-block=\"kb-adv-heading5599_a99e95-58\"]{font-style:normal;color:#6d093a;}.wp-block-kadence-advancedheading.kt-adv-heading5599_a99e95-58 mark.kt-highlight, .wp-block-kadence-advancedheading.kt-adv-heading5599_a99e95-58[data-kb-block=\"kb-adv-heading5599_a99e95-58\"] mark.kt-highlight{font-style:normal;color:#f76a0c;-webkit-box-decoration-break:clone;box-decoration-break:clone;padding-top:0px;padding-right:0px;padding-bottom:0px;padding-left:0px;}.wp-block-kadence-advancedheading.kt-adv-heading5599_a99e95-58 img.kb-inline-image, .wp-block-kadence-advancedheading.kt-adv-heading5599_a99e95-58[data-kb-block=\"kb-adv-heading5599_a99e95-58\"] img.kb-inline-image{width:150px;vertical-align:baseline;}<\/style>\n<h6 class=\"kt-adv-heading5599_a99e95-58 wp-block-kadence-advancedheading\" data-kb-block=\"kb-adv-heading5599_a99e95-58\"><strong>13. Convocat\u00f2ries cient\u00edfiques<\/strong><\/h6>\n\n\n\n<p class=\"txt_nota\">La Coordinaci\u00f3 de la l\u00ednia de recerca convoca anualment unes Jornades cient\u00edfiques per a presentar i debatre sobre les q\u00fcestions te\u00f2riques i metodol\u00f2giques que afecten l\u2019objecte d\u2019estudi de la l\u00ednia. Aquestes jornades s\u00f3n obertes a tots els doctorands\/es i als investigadors que treballen sobre el mateix \u00e0mbit cient\u00edfic, els quals poden presentar els seus treballs i participar en els debats que es generin.<\/p>\n\n\n\n<p class=\"txt_nota\">Aix\u00ed mateix, els doctorands\/es poden assistir als actes p\u00fablics d\u2019avaluaci\u00f3 de la recerca doctoral realitzada d\u2019altres doctorands\/es, que convoca la Coordinaci\u00f3 del Programa de Doctorat al finalitzar el segon any del programa.<\/p>\n\n\n\n<p class=\"txt_nota\">Per altra part, els doctorands\/es poden participar dels actes p\u00fablics que organitza l\u2019Escola de Doctorat J. H. Newman, com s\u00f3n les presentacions de publicacions o de projectes, les confer\u00e8ncies i debats, etc.<\/p>\n\n\n\n<p class=\"txt_nota\">Complement\u00e0riament, la Coordinaci\u00f3 de la l\u00ednia de recerca informa als doctorands\/es de les convocat\u00f2ries que sobre l\u2019objecte de l\u2019estudi o camps afins realitzen altres entitats cient\u00edfiques i acad\u00e8miques, per tal que en tinguin coneixement i puguin presentar, si s\u2019escau, els treballs realitzats durant la seva recerca.<\/p>\n\n\n<style>.wp-block-kadence-advancedheading.kt-adv-heading5599_b74256-50, .wp-block-kadence-advancedheading.kt-adv-heading5599_b74256-50[data-kb-block=\"kb-adv-heading5599_b74256-50\"]{font-style:normal;color:#6d093a;}.wp-block-kadence-advancedheading.kt-adv-heading5599_b74256-50 mark.kt-highlight, .wp-block-kadence-advancedheading.kt-adv-heading5599_b74256-50[data-kb-block=\"kb-adv-heading5599_b74256-50\"] mark.kt-highlight{font-style:normal;color:#f76a0c;-webkit-box-decoration-break:clone;box-decoration-break:clone;padding-top:0px;padding-right:0px;padding-bottom:0px;padding-left:0px;}.wp-block-kadence-advancedheading.kt-adv-heading5599_b74256-50 img.kb-inline-image, .wp-block-kadence-advancedheading.kt-adv-heading5599_b74256-50[data-kb-block=\"kb-adv-heading5599_b74256-50\"] img.kb-inline-image{width:150px;vertical-align:baseline;}<\/style>\n<h6 class=\"kt-adv-heading5599_b74256-50 wp-block-kadence-advancedheading\" data-kb-block=\"kb-adv-heading5599_b74256-50\"><strong>14. Publicacions cient\u00edfiques<\/strong><\/h6>\n\n\n\n<p class=\"txt_nota\">La Coordinaci\u00f3 de la l\u00ednia de recerca comunica als doctorands\/es la relaci\u00f3 de les publicacions peri\u00f2diques especialitzades en l\u2019objecte d\u2019estudi o camps afins a les quals han d\u2019adre\u00e7ar les seves propostes de publicacions dels treballs realitzats durant la seva recerca doctoral.<\/p>\n\n\n<style>.wp-block-kadence-advancedheading.kt-adv-heading5599_6ae4c4-71, .wp-block-kadence-advancedheading.kt-adv-heading5599_6ae4c4-71[data-kb-block=\"kb-adv-heading5599_6ae4c4-71\"]{font-style:normal;color:#6d093a;}.wp-block-kadence-advancedheading.kt-adv-heading5599_6ae4c4-71 mark.kt-highlight, .wp-block-kadence-advancedheading.kt-adv-heading5599_6ae4c4-71[data-kb-block=\"kb-adv-heading5599_6ae4c4-71\"] mark.kt-highlight{font-style:normal;color:#f76a0c;-webkit-box-decoration-break:clone;box-decoration-break:clone;padding-top:0px;padding-right:0px;padding-bottom:0px;padding-left:0px;}.wp-block-kadence-advancedheading.kt-adv-heading5599_6ae4c4-71 img.kb-inline-image, .wp-block-kadence-advancedheading.kt-adv-heading5599_6ae4c4-71[data-kb-block=\"kb-adv-heading5599_6ae4c4-71\"] img.kb-inline-image{width:150px;vertical-align:baseline;}<\/style>\n<h6 class=\"kt-adv-heading5599_6ae4c4-71 wp-block-kadence-advancedheading\" data-kb-block=\"kb-adv-heading5599_6ae4c4-71\"><strong>15. Idiomes de treball<\/strong><\/h6>\n\n\n\n<p class=\"txt_nota\">Catal\u00e0 \/ <em>English<\/em> \/ <em>Espa\u00f1ol<\/em><\/p>\n\n\n<style>.wp-block-kadence-advancedheading.kt-adv-heading5599_6f7b11-68, .wp-block-kadence-advancedheading.kt-adv-heading5599_6f7b11-68[data-kb-block=\"kb-adv-heading5599_6f7b11-68\"]{font-style:normal;color:#6d093a;}.wp-block-kadence-advancedheading.kt-adv-heading5599_6f7b11-68 mark.kt-highlight, .wp-block-kadence-advancedheading.kt-adv-heading5599_6f7b11-68[data-kb-block=\"kb-adv-heading5599_6f7b11-68\"] mark.kt-highlight{font-style:normal;color:#f76a0c;-webkit-box-decoration-break:clone;box-decoration-break:clone;padding-top:0px;padding-right:0px;padding-bottom:0px;padding-left:0px;}.wp-block-kadence-advancedheading.kt-adv-heading5599_6f7b11-68 img.kb-inline-image, .wp-block-kadence-advancedheading.kt-adv-heading5599_6f7b11-68[data-kb-block=\"kb-adv-heading5599_6f7b11-68\"] img.kb-inline-image{width:150px;vertical-align:baseline;}<\/style>\n<h6 class=\"kt-adv-heading5599_6f7b11-68 wp-block-kadence-advancedheading\" data-kb-block=\"kb-adv-heading5599_6f7b11-68\"><strong>16. Informaci\u00f3 complement\u00e0ria<\/strong><\/h6>\n\n\n\n<p class=\"txt_note\">Contacte: <a href=\"mailto:lrd.08.def@euniv.eu\">lrd.08.def@euniv.eu<\/a> <\/p>\n\n\n\n<p class=\"txt_note has-text-color\" style=\"color:#6d093a\"><strong>Normativa del Doctorat: <\/strong><a href=\"https:\/\/euniv.eu\/universitat\/normativa\/\" target=\"_blank\" aria-label=\" (opens in a new tab)\" rel=\"noreferrer noopener\" class=\"ek-link\">https:\/\/euniv.eu\/universitat\/normativa\/<\/a><\/p>\n<\/div><\/div>\n\n<\/div><\/div>\n\n\n<div style=\"height:100px\" aria-hidden=\"true\" class=\"wp-block-spacer\"><\/div>\n","protected":false},"excerpt":{"rendered":"<p>Pol\u00edtica Exterior i de Seguretat de la Uni\u00f3 Europea 1. Denominaci\u00f3 de la l\u00ednia de recerca doctoral La Pol\u00edtica Exterior i de Seguretat Com\u00fa de la UE: les missions civils i militars 2. Codi\/s UNESCO afins a la l\u00ednia de recerca DISCIPLINES SUBDISCIPLINES 5300: Ci\u00e8ncies Econ\u00f2miques 10: Economia Internacional 5400: Geografia 05: Geografia Pol\u00edtica 5500: &hellip;<\/p>\n","protected":false},"author":3,"featured_media":0,"parent":1245,"menu_order":0,"comment_status":"closed","ping_status":"closed","template":"templates\/template-builder.php","meta":{"_editorskit_title_hidden":false,"_editorskit_reading_time":4,"_editorskit_is_block_options_detached":false,"_editorskit_block_options_position":"{}","inline_featured_image":false,"footnotes":""},"class_list":["post-5599","page","type-page","status-publish","hentry","post","without-featured-image"],"featured_image_src":null,"featured_image_src_square":null,"_links":{"self":[{"href":"https:\/\/euniv.eu\/es\/wp-json\/wp\/v2\/pages\/5599","targetHints":{"allow":["GET"]}}],"collection":[{"href":"https:\/\/euniv.eu\/es\/wp-json\/wp\/v2\/pages"}],"about":[{"href":"https:\/\/euniv.eu\/es\/wp-json\/wp\/v2\/types\/page"}],"author":[{"embeddable":true,"href":"https:\/\/euniv.eu\/es\/wp-json\/wp\/v2\/users\/3"}],"replies":[{"embeddable":true,"href":"https:\/\/euniv.eu\/es\/wp-json\/wp\/v2\/comments?post=5599"}],"version-history":[{"count":8,"href":"https:\/\/euniv.eu\/es\/wp-json\/wp\/v2\/pages\/5599\/revisions"}],"predecessor-version":[{"id":13382,"href":"https:\/\/euniv.eu\/es\/wp-json\/wp\/v2\/pages\/5599\/revisions\/13382"}],"up":[{"embeddable":true,"href":"https:\/\/euniv.eu\/es\/wp-json\/wp\/v2\/pages\/1245"}],"wp:attachment":[{"href":"https:\/\/euniv.eu\/es\/wp-json\/wp\/v2\/media?parent=5599"}],"curies":[{"name":"wp","href":"https:\/\/api.w.org\/{rel}","templated":true}]}}