{"id":9622,"date":"2023-10-05T10:00:03","date_gmt":"2023-10-05T10:00:03","guid":{"rendered":"https:\/\/euniv.eu\/?page_id=9622"},"modified":"2025-11-13T09:56:42","modified_gmt":"2025-11-13T08:56:42","slug":"instituto-universitario-laurentia","status":"publish","type":"page","link":"https:\/\/euniv.eu\/es\/investigacion\/instituto-universitario-laurentia\/","title":{"rendered":"Instituto Universitario Lafayette"},"content":{"rendered":"<style>.kb-row-layout-id9622_47a2d4-d3 > .kt-row-column-wrap{align-content:start;}:where(.kb-row-layout-id9622_47a2d4-d3 > .kt-row-column-wrap) > .wp-block-kadence-column{justify-content:start;}.kb-row-layout-id9622_47a2d4-d3 > .kt-row-column-wrap{column-gap:var(--global-kb-gap-lg, 4rem);row-gap:var(--global-kb-gap-md, 2rem);max-width:1240px;margin-left:auto;margin-right:auto;padding-top:var(--global-kb-spacing-sm, 1.5rem);padding-bottom:var(--global-kb-spacing-sm, 1.5rem);grid-template-columns:minmax(0, calc(30% - ((var(--global-kb-gap-lg, 4rem) * 1 )\/2)))minmax(0, calc(70% - ((var(--global-kb-gap-lg, 4rem) * 1 )\/2)));}.kb-row-layout-id9622_47a2d4-d3 > .kt-row-layout-overlay{opacity:0.30;}@media all and (max-width: 1024px){.kb-row-layout-id9622_47a2d4-d3 > .kt-row-column-wrap{grid-template-columns:minmax(0, 1fr) minmax(0, 2fr);}}@media all and (max-width: 767px){.kb-row-layout-id9622_47a2d4-d3 > .kt-row-column-wrap{grid-template-columns:minmax(0, 1fr);}}<\/style><div class=\"kb-row-layout-wrap kb-row-layout-id9622_47a2d4-d3 alignnone wp-block-kadence-rowlayout\"><div class=\"kt-row-column-wrap kt-has-2-columns kt-row-layout-right-golden kt-tab-layout-inherit kt-mobile-layout-row kt-row-valign-top\">\n<style>.kadence-column9622_cb7cb7-ef > .kt-inside-inner-col,.kadence-column9622_cb7cb7-ef > .kt-inside-inner-col:before{border-top-left-radius:0px;border-top-right-radius:0px;border-bottom-right-radius:0px;border-bottom-left-radius:0px;}.kadence-column9622_cb7cb7-ef > .kt-inside-inner-col{column-gap:var(--global-kb-gap-sm, 1rem);}.kadence-column9622_cb7cb7-ef > .kt-inside-inner-col{flex-direction:column;}.kadence-column9622_cb7cb7-ef > .kt-inside-inner-col > .aligncenter{width:100%;}.kadence-column9622_cb7cb7-ef > .kt-inside-inner-col:before{opacity:0.3;}.kadence-column9622_cb7cb7-ef{position:relative;}@media all and (max-width: 1024px){.kadence-column9622_cb7cb7-ef > .kt-inside-inner-col{flex-direction:column;justify-content:center;}}@media all and (max-width: 767px){.kadence-column9622_cb7cb7-ef > .kt-inside-inner-col{flex-direction:column;justify-content:center;}}<\/style>\n<div class=\"wp-block-kadence-column kadence-column9622_cb7cb7-ef inner-column-1 animated fadeInLeft\"><div class=\"kt-inside-inner-col\"><ul id=\"menu-investigacion-es\" class=\"menu menu_left\"><li id=\"menu-item-5660\" class=\"menu-item menu-item-type-custom menu-item-object-custom menu-item-has-children menu-item-5660\"><a href=\"#nogo\">L\u00edneas de Investigaci\u00f3n Doctoral<\/a>\n<ul class=\"sub-menu\">\n\t<li id=\"menu-item-5670\" class=\"menu-item menu-item-type-post_type menu-item-object-page menu-item-5670\"><a href=\"https:\/\/euniv.eu\/es\/investigacion\/universidades-y-pais-las-universidades-en-la-historia-catalana\/\">Universidades y Pa\u00eds<\/a><\/li>\n\t<li id=\"menu-item-5664\" class=\"menu-item menu-item-type-post_type menu-item-object-page menu-item-5664\"><a href=\"https:\/\/euniv.eu\/es\/investigacion\/la-gestion-de-la-comunicacion-en-el-siglo-xxi-el-tercer-sector\/\">La gesti\u00f3n de la comunicaci\u00f3n en el siglo XXI<\/a><\/li>\n\t<li id=\"menu-item-13648\" class=\"menu-item menu-item-type-post_type menu-item-object-page menu-item-13648\"><a href=\"https:\/\/euniv.eu\/es\/investigacion\/representacion-simbolica-de-marca\/\">Representaci\u00f3n Simb\u00f3lica de Marca<\/a><\/li>\n<\/ul>\n<\/li>\n<li id=\"menu-item-5671\" class=\"menu-item menu-item-type-post_type menu-item-object-page menu-item-has-children menu-item-5671\"><a href=\"https:\/\/euniv.eu\/es\/investigacion\/observatorio-europeo-de-la-comunicacion\/\">Observatorio Europeo de la Comunicaci\u00f3n<\/a>\n<ul class=\"sub-menu\">\n\t<li id=\"menu-item-14538\" class=\"menu-item menu-item-type-post_type menu-item-object-page menu-item-14538\"><a href=\"https:\/\/euniv.eu\/es\/symposium-grafica\/\">Symposium Grafica<\/a><\/li>\n<\/ul>\n<\/li>\n<li id=\"menu-item-11230\" class=\"menu-item menu-item-type-post_type menu-item-object-page menu-item-11230\"><a href=\"https:\/\/euniv.eu\/es\/investigacion\/instituto-universitario-alma-mater\/\">Alma Mater<\/a><\/li>\n<li id=\"menu-item-11233\" class=\"menu-item menu-item-type-post_type menu-item-object-page menu-item-11233\"><a href=\"https:\/\/euniv.eu\/es\/investigacion\/instituto-universitario-nextg\/\">NEXTG<\/a><\/li>\n<li id=\"menu-item-11231\" class=\"menu-item menu-item-type-post_type menu-item-object-page menu-item-11231\"><a href=\"https:\/\/euniv.eu\/es\/investigacion\/instituto-universitario-iurnat\/\">IURNAT<\/a><\/li>\n<li id=\"menu-item-11232\" class=\"menu-item menu-item-type-post_type menu-item-object-page menu-item-11232\"><a href=\"https:\/\/euniv.eu\/es\/investigacion\/instituto-universitario-laurentia\/\">Lafayette<\/a><\/li>\n<\/ul>\n<\/div><\/div>\n\n\n<style>.kadence-column9622_c0e954-a6 > .kt-inside-inner-col,.kadence-column9622_c0e954-a6 > .kt-inside-inner-col:before{border-top-left-radius:0px;border-top-right-radius:0px;border-bottom-right-radius:0px;border-bottom-left-radius:0px;}.kadence-column9622_c0e954-a6 > .kt-inside-inner-col{column-gap:var(--global-kb-gap-sm, 1rem);}.kadence-column9622_c0e954-a6 > .kt-inside-inner-col{flex-direction:column;}.kadence-column9622_c0e954-a6 > .kt-inside-inner-col > .aligncenter{width:100%;}.kadence-column9622_c0e954-a6 > .kt-inside-inner-col:before{opacity:0.3;}.kadence-column9622_c0e954-a6{position:relative;}@media all and (max-width: 1024px){.kadence-column9622_c0e954-a6 > .kt-inside-inner-col{flex-direction:column;justify-content:center;}}@media all and (max-width: 767px){.kadence-column9622_c0e954-a6 > .kt-inside-inner-col{flex-direction:column;justify-content:center;}}<\/style>\n<div class=\"wp-block-kadence-column kadence-column9622_c0e954-a6 inner-column-2 animated fadeIn slow\"><div class=\"kt-inside-inner-col\"><style>.kb-row-layout-id9622_565ac5-0c > .kt-row-column-wrap{align-content:center;}:where(.kb-row-layout-id9622_565ac5-0c > .kt-row-column-wrap) > .wp-block-kadence-column{justify-content:center;}.kb-row-layout-id9622_565ac5-0c > .kt-row-column-wrap{column-gap:20px;row-gap:var(--global-kb-gap-md, 2rem);padding-top:var(--global-kb-spacing-sm, 1.5rem);padding-bottom:var(--global-kb-spacing-sm, 1.5rem);grid-template-columns:minmax(0, calc(15% - ((20px * 1 )\/2)))minmax(0, calc(85% - ((20px * 1 )\/2)));}.kb-row-layout-id9622_565ac5-0c > .kt-row-layout-overlay{opacity:0.30;}@media all and (max-width: 1024px){.kb-row-layout-id9622_565ac5-0c > .kt-row-column-wrap{grid-template-columns:minmax(0, 1fr) minmax(0, 2fr);}}@media all and (max-width: 767px){.kb-row-layout-id9622_565ac5-0c > .kt-row-column-wrap{grid-template-columns:minmax(0, 1fr);}}<\/style><div class=\"kb-row-layout-wrap kb-row-layout-id9622_565ac5-0c alignnone wp-block-kadence-rowlayout\"><div class=\"kt-row-column-wrap kt-has-2-columns kt-row-layout-right-golden kt-tab-layout-inherit kt-mobile-layout-row kt-row-valign-middle\">\n<style>.kadence-column9622_4638bf-7a > .kt-inside-inner-col,.kadence-column9622_4638bf-7a > .kt-inside-inner-col:before{border-top-left-radius:0px;border-top-right-radius:0px;border-bottom-right-radius:0px;border-bottom-left-radius:0px;}.kadence-column9622_4638bf-7a > .kt-inside-inner-col{column-gap:var(--global-kb-gap-sm, 1rem);}.kadence-column9622_4638bf-7a > .kt-inside-inner-col{flex-direction:column;}.kadence-column9622_4638bf-7a > .kt-inside-inner-col > .aligncenter{width:100%;}.kadence-column9622_4638bf-7a > .kt-inside-inner-col:before{opacity:0.3;}.kadence-column9622_4638bf-7a{position:relative;}@media all and (max-width: 1024px){.kadence-column9622_4638bf-7a > .kt-inside-inner-col{flex-direction:column;justify-content:center;}}@media all and (max-width: 767px){.kadence-column9622_4638bf-7a > .kt-inside-inner-col{flex-direction:column;justify-content:center;}}<\/style>\n<div class=\"wp-block-kadence-column kadence-column9622_4638bf-7a inner-column-1\"><div class=\"kt-inside-inner-col\">\n<figure class=\"wp-block-image size-large\"><img loading=\"lazy\" decoding=\"async\" width=\"140\" height=\"189\" src=\"https:\/\/euniv.eu\/wp-content\/uploads\/\/2020\/09\/logo_catala.svg\" alt=\"Facultat de Filologia\" class=\"wp-image-203\"\/><\/figure>\n<\/div><\/div>\n\n\n<style>.kadence-column9622_49048e-c4 > .kt-inside-inner-col,.kadence-column9622_49048e-c4 > .kt-inside-inner-col:before{border-top-left-radius:0px;border-top-right-radius:0px;border-bottom-right-radius:0px;border-bottom-left-radius:0px;}.kadence-column9622_49048e-c4 > .kt-inside-inner-col{column-gap:var(--global-kb-gap-sm, 1rem);}.kadence-column9622_49048e-c4 > .kt-inside-inner-col{flex-direction:column;}.kadence-column9622_49048e-c4 > .kt-inside-inner-col > .aligncenter{width:100%;}.kadence-column9622_49048e-c4 > .kt-inside-inner-col:before{opacity:0.3;}.kadence-column9622_49048e-c4{position:relative;}@media all and (max-width: 1024px){.kadence-column9622_49048e-c4 > .kt-inside-inner-col{flex-direction:column;justify-content:center;}}@media all and (max-width: 767px){.kadence-column9622_49048e-c4 > .kt-inside-inner-col{flex-direction:column;justify-content:center;}}<\/style>\n<div class=\"wp-block-kadence-column kadence-column9622_49048e-c4 inner-column-2\"><div class=\"kt-inside-inner-col\">\n<h1 class=\"wp-block-heading\">Instituto Universitario Lafayette: Repensando la sociedad del riesgo<\/h1>\n<\/div><\/div>\n\n<\/div><\/div>\n\n\n<p>La llamada \u201cSociedad del riesgo\u201d ha sido uno de los centros de atenci\u00f3n intelectual de la eUniv desde su nacimiento, alimentada por las experiencias acad\u00e9micas y profesionales acumuladas por sus entidades promotoras. Este inter\u00e9s se concret\u00f3 y articul\u00f3 con la creaci\u00f3n del Instituto Universitario Lafayette, dedicado espec\u00edficamente al an\u00e1lisis social y t\u00e9cnico de todos los \u00e1mbitos vinculados a la seguridad, y en conexi\u00f3n con las ense\u00f1anzas implantadas en los centros de la Universidad, especialmente los de Criminolog\u00eda, Psicolog\u00eda, Derecho y los de tecnolog\u00eda aplicada. El IU Lafayette cuenta para el desarrollo de sus actividades con el apoyo de la <strong>Fundaci\u00f3 Laurediana<\/strong>.<\/p>\n\n\n\n<h2 class=\"wp-block-heading\">Organizaci\u00f3n del Instituto<\/h2>\n\n\n\n<h4 class=\"wp-block-heading\">Consejo<\/h4>\n\n\n\n<p>El Consejo es el \u00f3rgano acad\u00e9mico colegiado superior del IU Lafayette, y como tal le corresponde establecer sus l\u00edneas de desarrollo cient\u00edfico e institucional, as\u00ed como la evaluaci\u00f3n e informe de las propuestas de actividades y proyectos que formulen sus miembros.<\/p>\n\n\n\n<h4 class=\"wp-block-heading\">Direcci\u00f3n General<\/h4>\n\n\n\n<p>La Direcci\u00f3n es el \u00f3rgano acad\u00e9mico unipersonal responsable de la coordinaci\u00f3n de las actividades institucionales y de investigaci\u00f3n del IU Lafayette, siendo la persona que ocupa el cargo el <strong>Dr. Luis Jim\u00e9nez Arrebola<\/strong>.<\/p>\n\n\n\n<h4 class=\"wp-block-heading\">Secretar\u00eda General<\/h4>\n\n\n\n<p>La Secretar\u00eda General es el \u00f3rgano acad\u00e9mico unipersonal responsable de la gesti\u00f3n acad\u00e9mica de las actividades del IU Lafayette, siendo la persona que ocupa el cargo la <strong>Sra. Emma L\u00f3pez<\/strong>.<\/p>\n\n\n\n<h2 class=\"wp-block-heading\">Actividades del Instituto<\/h2>\n\n\n\n<h4 class=\"wp-block-heading\">\u00c1rea de Acci\u00f3n Institucional<\/h4>\n\n\n\n<p>Para la promoci\u00f3n del debate y la reflexi\u00f3n sobre la seguridad en todas sus dimensiones, IU Lafayette convoca y participa en la organizaci\u00f3n de Jornadas, Conferencias, Debates, Seminarios y Encuentros de Expertos. Asimismo, el IU Lafayette participa como miembro en varios comit\u00e9s asesores creados por las administraciones p\u00fablicas y las organizaciones econ\u00f3micas y sociales.<\/p>\n\n\n\n<h4 class=\"wp-block-heading\">\u00c1rea de I+D<\/h4>\n\n\n\n<p>El IU Lafayette impulsa proyectos de investigaci\u00f3n e innovaci\u00f3n tecnol\u00f3gica vinculados a la seguridad, as\u00ed como de consultor\u00eda vinculada a la gesti\u00f3n de los servicios de seguridad en organizaciones privadas, siendo actualmente el principal campo de actuaci\u00f3n de esta \u00e1rea del instituto la ciberseguridad.<\/p>\n\n\n\n<h4 class=\"wp-block-heading\">\u00c1rea de Formaci\u00f3n<\/h4>\n\n\n\n<p>El IU Lafayette ofrece programas de formaci\u00f3n continua especializados en el \u00e1mbito de la seguridad. Estos programas se dise\u00f1an a partir de las propuestas aprobadas por el Consejo del Instituto, as\u00ed como a partir de las demandas de organizaciones terceras, que se ordenan de acuerdo con los convenios espec\u00edficos de colaboraci\u00f3n con el Instituto.<\/p>\n<\/div><\/div>\n\n<\/div><\/div>\n\n\n<div style=\"height:100px\" aria-hidden=\"true\" class=\"wp-block-spacer\"><\/div>\n","protected":false},"excerpt":{"rendered":"<p>Instituto Universitario Lafayette: Repensando la sociedad del riesgo La llamada \u201cSociedad del riesgo\u201d ha sido uno de los centros de atenci\u00f3n intelectual de la eUniv desde su nacimiento, alimentada por las experiencias acad\u00e9micas y profesionales acumuladas por sus entidades promotoras. Este inter\u00e9s se concret\u00f3 y articul\u00f3 con la creaci\u00f3n del Instituto Universitario Lafayette, dedicado espec\u00edficamente &hellip;<\/p>\n","protected":false},"author":3,"featured_media":0,"parent":1245,"menu_order":0,"comment_status":"closed","ping_status":"closed","template":"templates\/template-builder.php","meta":{"_editorskit_title_hidden":false,"_editorskit_reading_time":0,"_editorskit_is_block_options_detached":false,"_editorskit_block_options_position":"{}","inline_featured_image":false,"footnotes":""},"class_list":["post-9622","page","type-page","status-publish","hentry","post","without-featured-image"],"featured_image_src":null,"featured_image_src_square":null,"_links":{"self":[{"href":"https:\/\/euniv.eu\/es\/wp-json\/wp\/v2\/pages\/9622","targetHints":{"allow":["GET"]}}],"collection":[{"href":"https:\/\/euniv.eu\/es\/wp-json\/wp\/v2\/pages"}],"about":[{"href":"https:\/\/euniv.eu\/es\/wp-json\/wp\/v2\/types\/page"}],"author":[{"embeddable":true,"href":"https:\/\/euniv.eu\/es\/wp-json\/wp\/v2\/users\/3"}],"replies":[{"embeddable":true,"href":"https:\/\/euniv.eu\/es\/wp-json\/wp\/v2\/comments?post=9622"}],"version-history":[{"count":3,"href":"https:\/\/euniv.eu\/es\/wp-json\/wp\/v2\/pages\/9622\/revisions"}],"predecessor-version":[{"id":18842,"href":"https:\/\/euniv.eu\/es\/wp-json\/wp\/v2\/pages\/9622\/revisions\/18842"}],"up":[{"embeddable":true,"href":"https:\/\/euniv.eu\/es\/wp-json\/wp\/v2\/pages\/1245"}],"wp:attachment":[{"href":"https:\/\/euniv.eu\/es\/wp-json\/wp\/v2\/media?parent=9622"}],"curies":[{"name":"wp","href":"https:\/\/api.w.org\/{rel}","templated":true}]}}